{"id":13298,"date":"2024-06-28T18:31:37","date_gmt":"2024-06-28T23:31:37","guid":{"rendered":"https:\/\/www.mambogota.com\/?page_id=13298"},"modified":"2025-12-04T17:19:00","modified_gmt":"2025-12-04T22:19:00","slug":"curatorial-residency","status":"publish","type":"page","link":"https:\/\/www.mambogota.com\/en\/curatorial-residency\/","title":{"rendered":"Curatorial Residency"},"content":{"rendered":"<p>[et_pb_section fb_built=&#8221;1&#8243; fullwidth=&#8221;on&#8221; custom_padding_last_edited=&#8221;on|desktop&#8221; module_class=&#8221;mambo-fullwidth-title educacion-fullwidth-header&#8221; _builder_version=&#8221;4.16&#8243; custom_padding_tablet=&#8221;50px|0|50px|0&#8243; custom_padding_phone=&#8221;&#8221; transparent_background=&#8221;off&#8221; padding_mobile=&#8221;off&#8221; make_fullwidth=&#8221;off&#8221; use_custom_width=&#8221;off&#8221; width_unit=&#8221;on&#8221; locked=&#8221;off&#8221; global_colors_info=&#8221;{}&#8221;][et_pb_fullwidth_header content_max_width=&#8221;none&#8221; admin_label=&#8221;HEADER EDUCACI\u00d3N &#8211; TEXT + IMAGE&#8221; module_class=&#8221;educacion-header&#8221; _builder_version=&#8221;4.25.2&#8243; background_color=&#8221;rgba(255, 255, 255, 0)&#8221; background_image=&#8221;https:\/\/www.mambogota.com\/wp-content\/uploads\/2024\/06\/mambo-Curaduria.jpg&#8221; background_url=&#8221;https:\/\/www.mambogota.com\/wp-content\/uploads\/2016\/11\/IMG_8336.jpg&#8221; button_one_letter_spacing_hover=&#8221;0&#8243; button_two_letter_spacing_hover=&#8221;0&#8243; global_colors_info=&#8221;{}&#8221; button_one_text_size__hover_enabled=&#8221;off&#8221; button_one_text_size__hover=&#8221;null&#8221; button_two_text_size__hover_enabled=&#8221;off&#8221; button_two_text_size__hover=&#8221;null&#8221; button_one_text_color__hover_enabled=&#8221;off&#8221; button_one_text_color__hover=&#8221;null&#8221; button_two_text_color__hover_enabled=&#8221;off&#8221; button_two_text_color__hover=&#8221;null&#8221; button_one_border_width__hover_enabled=&#8221;off&#8221; button_one_border_width__hover=&#8221;null&#8221; button_two_border_width__hover_enabled=&#8221;off&#8221; button_two_border_width__hover=&#8221;null&#8221; button_one_border_color__hover_enabled=&#8221;off&#8221; button_one_border_color__hover=&#8221;null&#8221; button_two_border_color__hover_enabled=&#8221;off&#8221; button_two_border_color__hover=&#8221;null&#8221; button_one_border_radius__hover_enabled=&#8221;off&#8221; button_one_border_radius__hover=&#8221;null&#8221; button_two_border_radius__hover_enabled=&#8221;off&#8221; button_two_border_radius__hover=&#8221;null&#8221; button_one_letter_spacing__hover_enabled=&#8221;on&#8221; button_one_letter_spacing__hover=&#8221;0&#8243; button_two_letter_spacing__hover_enabled=&#8221;on&#8221; button_two_letter_spacing__hover=&#8221;0&#8243; button_one_bg_color__hover_enabled=&#8221;off&#8221; button_one_bg_color__hover=&#8221;null&#8221; button_two_bg_color__hover_enabled=&#8221;off&#8221; button_two_bg_color__hover=&#8221;null&#8221;][\/et_pb_fullwidth_header][\/et_pb_section][et_pb_section fb_built=&#8221;1&#8243; _builder_version=&#8221;4.25.2&#8243; _module_preset=&#8221;default&#8221; global_colors_info=&#8221;{}&#8221;][et_pb_row _builder_version=&#8221;4.25.2&#8243; _module_preset=&#8221;default&#8221; global_colors_info=&#8221;{}&#8221;][et_pb_column type=&#8221;4_4&#8243; _builder_version=&#8221;4.25.2&#8243; _module_preset=&#8221;default&#8221; global_colors_info=&#8221;{}&#8221;][et_pb_heading title=&#8221;Curatorial Residency&#8221; _builder_version=&#8221;4.25.2&#8243; _module_preset=&#8221;default&#8221; title_text_align=&#8221;center&#8221; global_colors_info=&#8221;{}&#8221;][\/et_pb_heading][\/et_pb_column][\/et_pb_row][et_pb_row _builder_version=&#8221;4.25.2&#8243; background_size=&#8221;initial&#8221; background_position=&#8221;top_left&#8221; background_repeat=&#8221;repeat&#8221; locked=&#8221;off&#8221; global_colors_info=&#8221;{}&#8221;][et_pb_column type=&#8221;4_4&#8243; _builder_version=&#8221;4.16&#8243; custom_padding=&#8221;|||&#8221; global_colors_info=&#8221;{}&#8221; custom_padding__hover=&#8221;|||&#8221;][et_pb_divider show_divider=&#8221;off&#8221; _builder_version=&#8221;4.16&#8243; z_index_tablet=&#8221;500&#8243; box_shadow_horizontal_tablet=&#8221;0px&#8221; box_shadow_vertical_tablet=&#8221;0px&#8221; box_shadow_blur_tablet=&#8221;40px&#8221; box_shadow_spread_tablet=&#8221;0px&#8221; global_colors_info=&#8221;{}&#8221;][\/et_pb_divider][et_pb_text _builder_version=&#8221;4.27.4&#8243; _module_preset=&#8221;default&#8221; hover_enabled=&#8221;0&#8243; global_colors_info=&#8221;{}&#8221; sticky_enabled=&#8221;0&#8243;]<\/p>\n<p>This residency is aimed at graduate students, recent graduates, or emerging scholars interested in curatorial practices and museum studies, who seek to enhance their skills through active participation with MAMBO\u2019s Curatorial Department, with a focus on digital practices. The selected resident will gain practical experience in the conceptualization, planning, and research for the third cycle of MAMBO\u2019s exhibition programming, collaborate on the development of projects related to the exhibition cycle, and receive mentorship from the curators and museum staff.<\/p>\n<p>The residencies at MAMBO focus on the intersection of digital tools with artistic and research practices in museums, aiming to expand the reach and accessibility of the MAMBO Collection, while questioning contemporary museum practices and the creation of knowledge at the Museum.<\/p>\n<p><strong>The winner of the first edition of the Curatorial Residency is Federico Reyes.<\/strong><\/p>\n<p><b>About the 2024 Residency<\/b><\/p>\n<p><i><span style=\"font-weight: 400;\">my computer is afraid of dying<\/span><\/i> is the title of the web project created by Federico Reyes Mesa in response to the research and conceptualization process for the current exhibition <i>Collection on stage #5: Fetish: Material Conversations<\/i>, which features 42 works from the MAMBO Collection. The project\u2019s title is a metaphor for Federico&#8217;s first day as a resident at MAMBO, when his computer stopped working. It reflects on concepts such as virtual relationality, artificial intelligence, and the relationship between people and computational technologies\u2014elements central to the current exhibition cycle at the Museum.<\/p>\n<p>The Curatorial Residency consisted of two primary phases: one focused on research and conceptualization, and the other on creation. During the <strong>first phase<\/strong>, Federico actively participated in the research and conceptualization processes of <i>Fetish<\/i> exhibition, part of MAMBO&#8217;s third exhibition cycle in 2024. He engaged in working sessions with the Museum&#8217;s curatorial team, allowing him to explore both the theoretical aspects of curating and the direct organization and planning of the exhibition.<\/p>\n<p>Through this collaboration, Federico worked with artworks from the collection, exploring the historical and conceptual relationship between the artists and the Museum, as well as how these pieces were integrated into the collection. He also identified additional works that aligned with the conceptual frameworks of <i>Fetiche<\/i>, further enriching the curatorial process. His participation not only focused on analyzing the works but also on deepening the artists&#8217; trajectories, examining their ideas, motivations, and themes linked to the curatorial categories developed for the exhibition. This first stage of the residency concluded with the creation of the curatorial text for the <i>Animismo \/ Espiritismo<\/i> section and the review of other curatorial texts, to which he contributed his perspective and interpretation.<\/p>\n<p>&nbsp;<\/p>\n<p>[\/et_pb_text][et_pb_image src=&#8221;https:\/\/www.mambogota.com\/wp-content\/uploads\/2024\/11\/5_mambo-animismo-3-1-scaled.jpg&#8221; title_text=&#8221;5_mambo-animismo-3 (1)&#8221; _builder_version=&#8221;4.25.2&#8243; _module_preset=&#8221;default&#8221; global_colors_info=&#8221;{}&#8221;][\/et_pb_image][et_pb_text _builder_version=&#8221;4.25.2&#8243; _module_preset=&#8221;default&#8221; global_colors_info=&#8221;{}&#8221;]<\/p>\n<p style=\"text-align: center;\"><strong><i>Foto installation view secci\u00f3n Animismo \/ Espiritismo<\/i><\/strong><\/p>\n<p>[\/et_pb_text][et_pb_divider show_divider=&#8221;off&#8221; _builder_version=&#8221;4.25.2&#8243; _module_preset=&#8221;default&#8221; global_colors_info=&#8221;{}&#8221;][\/et_pb_divider][et_pb_text _builder_version=&#8221;4.27.4&#8243; _module_preset=&#8221;default&#8221; custom_padding=&#8221;||10px|||&#8221; hover_enabled=&#8221;0&#8243; global_colors_info=&#8221;{}&#8221; sticky_enabled=&#8221;0&#8243;]<\/p>\n<p><span style=\"font-weight: 400;\">The <\/span><b>second phase <\/b>of the residency involved developing a digital response to the earlier processes of conceptualization and research, exploring curatorial possibilities within the institution. In this way, Federico developed <i>my computer is afraid of dying<\/i>, a web project that brings together a series of actions and choreographies situated between the creative, museographic, and curatorial practices, with techno-mysticism as the central concept. Through this web project, Federico addresses various concepts derived from the curatorial research, such as the untranslatable, the void, web surfing, internet culture, spirituality, and opacity.<\/p>\n<p>The actions within <i>my computer is afraid of dying<\/i> unfold on the web and on a computer desktop, yet extend into other temporalities, each exploring the relationship between the user, artificial intelligence, and various computational and digital technologies. <b><i>will I burn down my house?<\/i><\/b>\u00a0 involves a meticulous search for the shadow of Google\u2019s camera in random locations on Google Maps, revealing flaws in the logic behind self-concealment algorithms. <b><i>Kentucky Derby <\/i><\/b>documents the penitence of a woman in a church, using images obtained from insecam.org, a website that hosts live streams from publicly accessible security cameras, highlighting the extent and normalization of various digital surveillance practices. In <b>\u9053\u5fb7\u7d93<\/b> three AI-generated characters created via synthesia.io recite chapter eleven of the <i>D\u00e0od\u00e9 j\u012bng<\/i>, reflecting on the untranslatable, digital spirituality, and hollowed entities. <b><i>RIP (Positivist Interior Reconstruction)<\/i><\/b> invites the viewer on a tour through the interior of 3D models of ceremonial or ritual spaces and objects like temples, tombs, or ornaments, published on sketchfab.com and created with scaniverse.com, exploring the negative spaces produced by 3D scanning reconstruction algorithms and speculating on what these technologies fail to capture. Lastly, <b><i>Finally, The Future<\/i><\/b> is a composition of windows presenting a fragment of dialogue between the Painter and the Poet in the first act of <i>Timon of Athens<\/i>, accompanied by imagery related to contemporary technological development, such as satellite transmissions or audiovisual records of coltan mines.<\/p>\n<p><i>my computer is afraid of dying<\/i> plays with the notions of invisibility and negative space through movement captured by the camera: when we position ourselves in front of it, the image freezes, and we see our reflection; when we hide from the camera, the actions come to life and begin to unfold. There is an exchange of actions and reactions between the user and the computer.<\/p>\n<p>In the text introducing the web project, Federico begins by recounting stories that, even without knowing each other, feel familiar. He mentions social media trends anecdotally and invites us to dive into understanding and questioning computational behavior, connecting everything with the concepts explored during the first phase of the project.<\/p>\n<p>[\/et_pb_text][et_pb_divider show_divider=&#8221;off&#8221; _builder_version=&#8221;4.25.2&#8243; _module_preset=&#8221;default&#8221; global_colors_info=&#8221;{}&#8221;][\/et_pb_divider][et_pb_button url_new_window=&#8221;on&#8221; button_text=&#8221;my computer is afraid of dying&#8221; _builder_version=&#8221;4.27.4&#8243; _module_preset=&#8221;default&#8221; hover_enabled=&#8221;0&#8243; global_colors_info=&#8221;{}&#8221; disabled_on=&#8221;on|on|on&#8221; disabled=&#8221;on&#8221; sticky_enabled=&#8221;0&#8243;][\/et_pb_button][et_pb_divider show_divider=&#8221;off&#8221; _builder_version=&#8221;4.25.2&#8243; _module_preset=&#8221;default&#8221; global_colors_info=&#8221;{}&#8221;][\/et_pb_divider][et_pb_text _builder_version=&#8221;4.25.2&#8243; _module_preset=&#8221;default&#8221; global_colors_info=&#8221;{}&#8221;]<\/p>\n<p><b><a href=\"https:\/\/www.mambogota.com\/wp-content\/uploads\/2024\/11\/DINERS-copy-05.jpg\"><img fetchpriority=\"high\" fetchpriority=\"high\" decoding=\"async\" src=\"https:\/\/www.mambogota.com\/wp-content\/uploads\/2024\/11\/DINERS-copy-05-400x400.jpg\" width=\"400\" height=\"400\" alt=\"\" class=\"wp-image-14959 alignleft size-medium\" \/><\/a>Federico Reyes Mesa<\/b> (Colombia) is an artist, editorial designer, and holds a master\u2019s degree in Cultural Studies. He has worked as an advisor on research-creation processes for the 46th National Salon of Artists, the Women, Arts, and Care Program, and various music programs at the Ministry of Cultures, Arts, and Knowledge in Colombia. He has also been a production assistant and designer for Espacio Ode\u00f3n, a production and programming assistant for Fundaci\u00f3n Ambulante Colombia, and an editorial design consultant for the IOM.<\/p>\n<p>His interest in the poetic dimensions of virtual relationality and internet culture has driven him to explore, through his artistic practice, diverse media such as textual art, expanded graphics, digital and analog printing, poetic computation, digital craft, net art, and electronic art. He has participated in group exhibitions in Bogot\u00e1, Buenos Aires, Miami, and New York.<\/p>\n<p><b>About Federico\u2019s Participation<\/b><\/p>\n<p>\u201cFar from reaffirming a stable and institutionalized definition of curatorial practice, this residency, where I will have the opportunity to closely and actively engage with the work of the MAMBO\u2019s Curatorial Department, offers the possibility of continuing my search for alternative means that have shaped my creative practices and interests to date. I hope this opportunity will allow me to uncover pathways that lead to thinking about broader, more diverse, and plural curatorial practices, distanced from the more traditional and hegemonic manifestations of curatorial work, which have historically proven to be structurally exclusionary and reductive. I believe it will be a challenge to use the digital realm as a framework for systematization and circulation, because digital media are ambiguous and porous, and although they may seem to hold infinite connective potential, they are also decisive within various contemporary systems of exclusion.\u201d<\/p>\n<p><b>About the Open Call<\/b><\/p>\n<p>From July 8 to 19, 2024, the open call for the Curatorial Residency was announced. A total of 97 applications were received from Colombia, Spain, Mexico, Brazil, Uruguay, Argentina, Chile, Portugal, the United States, and El Salvador, from a diverse group including graduate students, artists, art historians, curators, museologists, writers, designers, audiovisual creators, architects, historians, communication professionals, philosophers, sociologists, anthropologists, archaeologists, emerging researchers, conservators, heritage managers, and cultural managers. Through these open calls, targeting both national and international audiences, we aim to expand the reach of the MAMBO Collection and enhance its accessibility, with the goal of enriching perspectives that contribute to the museum\u2019s knowledge construction.<\/p>\n<p><b>Acknowledgment<\/b><\/p>\n<p>The Curatorial Residency is generously supported by the Government of Canada\u2019s New Frontiers in Research Fund [NFRF-2022-00245] in collaboration with Susana Vargas-Mej\u00eda.<\/p>\n<p>[\/et_pb_text][\/et_pb_column][\/et_pb_row][et_pb_row _builder_version=&#8221;4.25.2&#8243; _module_preset=&#8221;default&#8221; locked=&#8221;off&#8221; global_colors_info=&#8221;{}&#8221;][et_pb_column type=&#8221;4_4&#8243; _builder_version=&#8221;4.25.2&#8243; _module_preset=&#8221;default&#8221; global_colors_info=&#8221;{}&#8221;][et_pb_button button_url=&#8221;https:\/\/www.mambogota.com\/en\/research&#8221; button_text=&#8221;GO BACK&#8221; _builder_version=&#8221;4.25.2&#8243; _module_preset=&#8221;default&#8221; custom_button=&#8221;on&#8221; button_text_color=&#8221;#000000&#8243; button_icon=&#8221;&#x23;||divi||400&#8243; button_icon_placement=&#8221;left&#8221; global_colors_info=&#8221;{}&#8221;][\/et_pb_button][\/et_pb_column][\/et_pb_row][\/et_pb_section]<\/p>\n","protected":false},"excerpt":{"rendered":"<p>This residency is aimed at graduate students, recent graduates, or emerging scholars interested in curatorial practices and museum studies, who seek to enhance their skills through active participation with MAMBO\u2019s [&hellip;]<\/p>\n","protected":false},"author":373,"featured_media":13088,"parent":0,"menu_order":0,"comment_status":"closed","ping_status":"closed","template":"","meta":{"_acf_changed":false,"_et_pb_use_builder":"on","_et_pb_old_content":"","_et_gb_content_width":"","footnotes":""},"class_list":["post-13298","page","type-page","status-publish","has-post-thumbnail","hentry"],"acf":[],"yoast_head":"<!-- This site is optimized with the Yoast SEO plugin v24.4 - https:\/\/yoast.com\/wordpress\/plugins\/seo\/ -->\n<title>Curatorial Residency - MAMBO<\/title>\n<meta name=\"robots\" content=\"index, follow, max-snippet:-1, max-image-preview:large, max-video-preview:-1\" \/>\n<link rel=\"canonical\" href=\"https:\/\/www.mambogota.com\/en\/curatorial-residency\/\" \/>\n<meta property=\"og:locale\" content=\"en_US\" \/>\n<meta property=\"og:type\" content=\"article\" \/>\n<meta property=\"og:title\" content=\"Curatorial Residency - MAMBO\" \/>\n<meta property=\"og:description\" content=\"This residency is aimed at graduate students, recent graduates, or emerging scholars interested in curatorial practices and museum studies, who seek to enhance their skills through active participation with MAMBO\u2019s [&hellip;]\" \/>\n<meta property=\"og:url\" content=\"https:\/\/www.mambogota.com\/en\/curatorial-residency\/\" \/>\n<meta property=\"og:site_name\" content=\"MAMBO\" \/>\n<meta property=\"article:publisher\" content=\"https:\/\/www.facebook.com\/fanmambogota\/\" \/>\n<meta property=\"article:modified_time\" content=\"2025-12-04T22:19:00+00:00\" \/>\n<meta property=\"og:image\" content=\"https:\/\/www.mambogota.com\/wp-content\/uploads\/2024\/06\/mambo-pgweb-2.jpg\" \/>\n\t<meta property=\"og:image:width\" content=\"1280\" \/>\n\t<meta property=\"og:image:height\" content=\"570\" \/>\n\t<meta property=\"og:image:type\" content=\"image\/jpeg\" \/>\n<meta name=\"twitter:card\" content=\"summary_large_image\" \/>\n<meta name=\"twitter:image\" content=\"https:\/\/www.mambogota.com\/wp-content\/uploads\/2024\/06\/mambo-pgweb-2.jpg\" \/>\n<meta name=\"twitter:site\" content=\"@_mambogota\" \/>\n<meta name=\"twitter:label1\" content=\"Est. reading time\" \/>\n\t<meta name=\"twitter:data1\" content=\"2 minutes\" \/>\n<script type=\"application\/ld+json\" class=\"yoast-schema-graph\">{\"@context\":\"https:\/\/schema.org\",\"@graph\":[{\"@type\":\"WebPage\",\"@id\":\"https:\/\/www.mambogota.com\/en\/curatorial-residency\/\",\"url\":\"https:\/\/www.mambogota.com\/en\/curatorial-residency\/\",\"name\":\"Curatorial Residency - MAMBO\",\"isPartOf\":{\"@id\":\"https:\/\/www.mambogota.com\/en\/#website\"},\"primaryImageOfPage\":{\"@id\":\"https:\/\/www.mambogota.com\/en\/curatorial-residency\/#primaryimage\"},\"image\":{\"@id\":\"https:\/\/www.mambogota.com\/en\/curatorial-residency\/#primaryimage\"},\"thumbnailUrl\":\"https:\/\/www.mambogota.com\/wp-content\/uploads\/2024\/06\/mambo-pgweb-2.jpg\",\"datePublished\":\"2024-06-28T23:31:37+00:00\",\"dateModified\":\"2025-12-04T22:19:00+00:00\",\"breadcrumb\":{\"@id\":\"https:\/\/www.mambogota.com\/en\/curatorial-residency\/#breadcrumb\"},\"inLanguage\":\"en-US\",\"potentialAction\":[{\"@type\":\"ReadAction\",\"target\":[\"https:\/\/www.mambogota.com\/en\/curatorial-residency\/\"]}]},{\"@type\":\"ImageObject\",\"inLanguage\":\"en-US\",\"@id\":\"https:\/\/www.mambogota.com\/en\/curatorial-residency\/#primaryimage\",\"url\":\"https:\/\/www.mambogota.com\/wp-content\/uploads\/2024\/06\/mambo-pgweb-2.jpg\",\"contentUrl\":\"https:\/\/www.mambogota.com\/wp-content\/uploads\/2024\/06\/mambo-pgweb-2.jpg\",\"width\":1280,\"height\":570,\"caption\":\"Ver programaci\u00f3n\"},{\"@type\":\"BreadcrumbList\",\"@id\":\"https:\/\/www.mambogota.com\/en\/curatorial-residency\/#breadcrumb\",\"itemListElement\":[{\"@type\":\"ListItem\",\"position\":1,\"name\":\"Portada\",\"item\":\"https:\/\/www.mambogota.com\/en\/\"},{\"@type\":\"ListItem\",\"position\":2,\"name\":\"Curatorial Residency\"}]},{\"@type\":\"WebSite\",\"@id\":\"https:\/\/www.mambogota.com\/en\/#website\",\"url\":\"https:\/\/www.mambogota.com\/en\/\",\"name\":\"MAMBO\",\"description\":\"Museo de Arte Moderno de Bogot\u00e1\",\"publisher\":{\"@id\":\"https:\/\/www.mambogota.com\/en\/#organization\"},\"alternateName\":\"Museo de Arte Moderno de Bogot\u00e1\",\"potentialAction\":[{\"@type\":\"SearchAction\",\"target\":{\"@type\":\"EntryPoint\",\"urlTemplate\":\"https:\/\/www.mambogota.com\/en\/?s={search_term_string}\"},\"query-input\":{\"@type\":\"PropertyValueSpecification\",\"valueRequired\":true,\"valueName\":\"search_term_string\"}}],\"inLanguage\":\"en-US\"},{\"@type\":\"Organization\",\"@id\":\"https:\/\/www.mambogota.com\/en\/#organization\",\"name\":\"Museo de Arte Moderno de Bogot\u00e1\",\"alternateName\":\"Museo de Arte Moderno de Bogot\u00e1\",\"url\":\"https:\/\/www.mambogota.com\/en\/\",\"logo\":{\"@type\":\"ImageObject\",\"inLanguage\":\"en-US\",\"@id\":\"https:\/\/www.mambogota.com\/en\/#\/schema\/logo\/image\/\",\"url\":\"https:\/\/www.mambogota.com\/wp-content\/uploads\/2024\/12\/14947874_1254128624609097_205140180237699579_n.png\",\"contentUrl\":\"https:\/\/www.mambogota.com\/wp-content\/uploads\/2024\/12\/14947874_1254128624609097_205140180237699579_n.png\",\"width\":240,\"height\":240,\"caption\":\"Museo de Arte Moderno de Bogot\u00e1\"},\"image\":{\"@id\":\"https:\/\/www.mambogota.com\/en\/#\/schema\/logo\/image\/\"},\"sameAs\":[\"https:\/\/www.facebook.com\/fanmambogota\/\",\"https:\/\/x.com\/_mambogota\",\"https:\/\/www.instagram.com\/mambogota\",\"https:\/\/www.youtube.com\/channel\/UCCv1ANvfMC0LyV_CBw8U-UA\",\"https:\/\/www.tiktok.com\/@mambogota\"]}]}<\/script>\n<!-- \/ Yoast SEO plugin. -->","yoast_head_json":{"title":"Curatorial Residency - MAMBO","robots":{"index":"index","follow":"follow","max-snippet":"max-snippet:-1","max-image-preview":"max-image-preview:large","max-video-preview":"max-video-preview:-1"},"canonical":"https:\/\/www.mambogota.com\/en\/curatorial-residency\/","og_locale":"en_US","og_type":"article","og_title":"Curatorial Residency - MAMBO","og_description":"This residency is aimed at graduate students, recent graduates, or emerging scholars interested in curatorial practices and museum studies, who seek to enhance their skills through active participation with MAMBO\u2019s [&hellip;]","og_url":"https:\/\/www.mambogota.com\/en\/curatorial-residency\/","og_site_name":"MAMBO","article_publisher":"https:\/\/www.facebook.com\/fanmambogota\/","article_modified_time":"2025-12-04T22:19:00+00:00","og_image":[{"width":1280,"height":570,"url":"https:\/\/www.mambogota.com\/wp-content\/uploads\/2024\/06\/mambo-pgweb-2.jpg","type":"image\/jpeg"}],"twitter_card":"summary_large_image","twitter_image":"https:\/\/www.mambogota.com\/wp-content\/uploads\/2024\/06\/mambo-pgweb-2.jpg","twitter_site":"@_mambogota","twitter_misc":{"Est. reading time":"2 minutes"},"schema":{"@context":"https:\/\/schema.org","@graph":[{"@type":"WebPage","@id":"https:\/\/www.mambogota.com\/en\/curatorial-residency\/","url":"https:\/\/www.mambogota.com\/en\/curatorial-residency\/","name":"Curatorial Residency - MAMBO","isPartOf":{"@id":"https:\/\/www.mambogota.com\/en\/#website"},"primaryImageOfPage":{"@id":"https:\/\/www.mambogota.com\/en\/curatorial-residency\/#primaryimage"},"image":{"@id":"https:\/\/www.mambogota.com\/en\/curatorial-residency\/#primaryimage"},"thumbnailUrl":"https:\/\/www.mambogota.com\/wp-content\/uploads\/2024\/06\/mambo-pgweb-2.jpg","datePublished":"2024-06-28T23:31:37+00:00","dateModified":"2025-12-04T22:19:00+00:00","breadcrumb":{"@id":"https:\/\/www.mambogota.com\/en\/curatorial-residency\/#breadcrumb"},"inLanguage":"en-US","potentialAction":[{"@type":"ReadAction","target":["https:\/\/www.mambogota.com\/en\/curatorial-residency\/"]}]},{"@type":"ImageObject","inLanguage":"en-US","@id":"https:\/\/www.mambogota.com\/en\/curatorial-residency\/#primaryimage","url":"https:\/\/www.mambogota.com\/wp-content\/uploads\/2024\/06\/mambo-pgweb-2.jpg","contentUrl":"https:\/\/www.mambogota.com\/wp-content\/uploads\/2024\/06\/mambo-pgweb-2.jpg","width":1280,"height":570,"caption":"Ver programaci\u00f3n"},{"@type":"BreadcrumbList","@id":"https:\/\/www.mambogota.com\/en\/curatorial-residency\/#breadcrumb","itemListElement":[{"@type":"ListItem","position":1,"name":"Portada","item":"https:\/\/www.mambogota.com\/en\/"},{"@type":"ListItem","position":2,"name":"Curatorial Residency"}]},{"@type":"WebSite","@id":"https:\/\/www.mambogota.com\/en\/#website","url":"https:\/\/www.mambogota.com\/en\/","name":"MAMBO","description":"Museo de Arte Moderno de Bogot\u00e1","publisher":{"@id":"https:\/\/www.mambogota.com\/en\/#organization"},"alternateName":"Museo de Arte Moderno de Bogot\u00e1","potentialAction":[{"@type":"SearchAction","target":{"@type":"EntryPoint","urlTemplate":"https:\/\/www.mambogota.com\/en\/?s={search_term_string}"},"query-input":{"@type":"PropertyValueSpecification","valueRequired":true,"valueName":"search_term_string"}}],"inLanguage":"en-US"},{"@type":"Organization","@id":"https:\/\/www.mambogota.com\/en\/#organization","name":"Museo de Arte Moderno de Bogot\u00e1","alternateName":"Museo de Arte Moderno de Bogot\u00e1","url":"https:\/\/www.mambogota.com\/en\/","logo":{"@type":"ImageObject","inLanguage":"en-US","@id":"https:\/\/www.mambogota.com\/en\/#\/schema\/logo\/image\/","url":"https:\/\/www.mambogota.com\/wp-content\/uploads\/2024\/12\/14947874_1254128624609097_205140180237699579_n.png","contentUrl":"https:\/\/www.mambogota.com\/wp-content\/uploads\/2024\/12\/14947874_1254128624609097_205140180237699579_n.png","width":240,"height":240,"caption":"Museo de Arte Moderno de Bogot\u00e1"},"image":{"@id":"https:\/\/www.mambogota.com\/en\/#\/schema\/logo\/image\/"},"sameAs":["https:\/\/www.facebook.com\/fanmambogota\/","https:\/\/x.com\/_mambogota","https:\/\/www.instagram.com\/mambogota","https:\/\/www.youtube.com\/channel\/UCCv1ANvfMC0LyV_CBw8U-UA","https:\/\/www.tiktok.com\/@mambogota"]}]}},"_links":{"self":[{"href":"https:\/\/www.mambogota.com\/en\/wp-json\/wp\/v2\/pages\/13298","targetHints":{"allow":["GET"]}}],"collection":[{"href":"https:\/\/www.mambogota.com\/en\/wp-json\/wp\/v2\/pages"}],"about":[{"href":"https:\/\/www.mambogota.com\/en\/wp-json\/wp\/v2\/types\/page"}],"author":[{"embeddable":true,"href":"https:\/\/www.mambogota.com\/en\/wp-json\/wp\/v2\/users\/373"}],"replies":[{"embeddable":true,"href":"https:\/\/www.mambogota.com\/en\/wp-json\/wp\/v2\/comments?post=13298"}],"version-history":[{"count":23,"href":"https:\/\/www.mambogota.com\/en\/wp-json\/wp\/v2\/pages\/13298\/revisions"}],"predecessor-version":[{"id":25829,"href":"https:\/\/www.mambogota.com\/en\/wp-json\/wp\/v2\/pages\/13298\/revisions\/25829"}],"wp:featuredmedia":[{"embeddable":true,"href":"https:\/\/www.mambogota.com\/en\/wp-json\/wp\/v2\/media\/13088"}],"wp:attachment":[{"href":"https:\/\/www.mambogota.com\/en\/wp-json\/wp\/v2\/media?parent=13298"}],"curies":[{"name":"wp","href":"https:\/\/api.w.org\/{rel}","templated":true}]}}